{"id":44,"date":"2016-06-10T14:11:26","date_gmt":"2016-06-10T17:11:26","guid":{"rendered":"https:\/\/conservation.ufpr.br\/?page_id=44"},"modified":"2016-09-05T15:58:29","modified_gmt":"2016-09-05T18:58:29","slug":"eventos","status":"publish","type":"page","link":"https:\/\/conservation.ufpr.br\/index.php\/eventos\/","title":{"rendered":"Curso de Unidades de Conserva\u00e7\u00e3o"},"content":{"rendered":"<p><a href=\"https:\/\/conservation.ufpr.br\/index.php\/eventos\/13709597_1094984107229771_800588557_o\/\" rel=\"attachment wp-att-222\"><img loading=\"lazy\" decoding=\"async\" class=\"wp-image-222 aligncenter\" src=\"https:\/\/conservation.ufpr.br\/wp-content\/uploads\/2016\/06\/13709597_1094984107229771_800588557_o-300x111.jpg\" alt=\"Curso de Unidades de Conserva\u00e7\u00e3o\" width=\"865\" height=\"320\" srcset=\"https:\/\/conservation.ufpr.br\/wp-content\/uploads\/2016\/06\/13709597_1094984107229771_800588557_o-300x111.jpg 300w, https:\/\/conservation.ufpr.br\/wp-content\/uploads\/2016\/06\/13709597_1094984107229771_800588557_o-768x284.jpg 768w, https:\/\/conservation.ufpr.br\/wp-content\/uploads\/2016\/06\/13709597_1094984107229771_800588557_o-1024x379.jpg 1024w, https:\/\/conservation.ufpr.br\/wp-content\/uploads\/2016\/06\/13709597_1094984107229771_800588557_o.jpg 1135w\" sizes=\"auto, (max-width: 865px) 100vw, 865px\" \/><\/a><\/p>\n<p style=\"text-align: center;\"><span style=\"text-decoration: underline;\"><strong>CURSO DE EXTENS\u00c3O EM UNIDADES DE CONSERVA\u00c7\u00c3O<\/strong><\/span><\/p>\n<p style=\"text-align: center;\"><strong>&#8220;Panorama Geral das Unidades de Conserva\u00e7\u00e3o&#8221;<\/strong><\/p>\n<p>Este curso tem como objetivo possibilitar aos alunos de gradua\u00e7\u00e3o a compreens\u00e3o da import\u00e2ncia das \u00e1reas naturais protegidas, o entendimento das suas diferentes categorias de manejo e a necess\u00e1ria vis\u00e3o sist\u00eamica que o assunto requer, al\u00e9m de preparar-lhes para o trabalho de planejamento dessas \u00e1reas atrav\u00e9s dos procedimentos adequados a cada categoria e situa\u00e7\u00e3o.<\/p>\n<p><strong>LOCAL<\/strong><\/p>\n<p>Parte te\u00f3rica:<br \/>\nCIFLOMA &#8211; Engenharia florestal &#8211; Av. Pref. Loth\u00e1rio Meissner, 632, CEP: 80210-170 &#8211; Jardim Bot\u00e2nico &#8211; Campus III<br \/>\nParte pr\u00e1tica:<br \/>\nParque Estadual do Monge (Lapa) e Reserva Particular do Patrim\u00f4nio Natural Mata do Uru (Lapa)<\/p>\n<p><strong>PROGRAMA\u00c7\u00c3O<\/strong><\/p>\n<p><strong>Dia 1: Parte te\u00f3rica: 13:30 at\u00e9 18:30 \u2013 03\/08\/16<\/strong><br \/>\n<strong>Bases te\u00f3ricas ministradas pelo Laborat\u00f3rio de Unidades de Conserva\u00e7\u00e3o da Engenharia Florestal (UFPR)<\/strong><br \/>\nBases gerais de \u00e1reas protegidas e conserva\u00e7\u00e3o da natureza<br \/>\nObjetivos de conserva\u00e7\u00e3o<br \/>\nHist\u00f3rico da cria\u00e7\u00e3o de \u00e1reas protegidas e Unidades de Conserva\u00e7\u00e3o.<br \/>\nCategorias e conceitos de \u00e1reas naturais protegidas<br \/>\nSistema de Unidades de Conserva\u00e7\u00e3o do Brasil<br \/>\nUnidades de Conserva\u00e7\u00e3o Estaduais<br \/>\nPlanos de manejo e zoneamento<br \/>\nProgramas de manejo: Uso P\u00fablico, Prote\u00e7\u00e3o, Regulariza\u00e7\u00e3o Fundi\u00e1ria, Pesquisa e Administra\u00e7\u00e3o.<br \/>\nEstrat\u00e9gias para incentivar a conserva\u00e7\u00e3o<\/p>\n<p><strong>Dia 2: 13:30 at\u00e9 18:30 \u2013 04\/08\/16<\/strong><br \/>\n<strong>Palestras e debate com institui\u00e7\u00f5es convidadas sobre o panorama atual das UCs no Brasil e Paran\u00e1<\/strong><br \/>\n1\u00ba bloco de palestras das 13:30 at\u00e9 16:00 \/ 2\u00ba bloco de palestras das 16:30 at\u00e9 18:30<br \/>\nSociedade de Pesquisa em Vida Selvagem e Educa\u00e7\u00e3o Ambiental<br \/>\nMater Natura \u2013 Instituto de Estudos Ambientais<br \/>\nRede Nacional Pr\u00f3-Unidades de Conserva\u00e7\u00e3o<br \/>\nInstituto Chico Mendes de Conserva\u00e7\u00e3o da Biodiversidade (ICMBio)<br \/>\nMinist\u00e9rio P\u00fablico do Paran\u00e1<br \/>\nInstituto Brasileiro do Meio Ambiente e dos Recursos Naturais Renov\u00e1veis<\/p>\n<p><strong>Dia 3: 07:00 at\u00e9 17:00 \u2013 05\/08\/16<\/strong><br \/>\n<strong>Dia de campo no Munic\u00edpio da Lapa, com visitas guiadas a duas Unidades de Conserva\u00e7\u00e3o com diferentes tipos de gest\u00e3o:<\/strong><br \/>\nParque Estadual do Monge &#8211; 9:30 at\u00e9 11:30<br \/>\nReserva Particular do Patrim\u00f4nio Natural Mata do Uru &#8211; 13:30 at\u00e9 15:30<\/p>\n<p><strong>FOTOS PALESTRAS<\/strong><\/p>\n\n\t\t<style type=\"text\/css\">\n\t\t\t#gallery-1 {\n\t\t\t\tmargin: auto;\n\t\t\t}\n\t\t\t#gallery-1 .gallery-item {\n\t\t\t\tfloat: left;\n\t\t\t\tmargin-top: 10px;\n\t\t\t\ttext-align: center;\n\t\t\t\twidth: 33%;\n\t\t\t}\n\t\t\t#gallery-1 img {\n\t\t\t\tborder: 2px solid #cfcfcf;\n\t\t\t}\n\t\t\t#gallery-1 .gallery-caption {\n\t\t\t\tmargin-left: 0;\n\t\t\t}\n\t\t\t\/* see gallery_shortcode() in wp-includes\/media.php *\/\n\t\t<\/style>\n\t\t<div id='gallery-1' class='gallery galleryid-44 gallery-columns-3 gallery-size-medium'><dl class='gallery-item'>\n\t\t\t<dt class='gallery-icon landscape'>\n\t\t\t\t<a href='https:\/\/conservation.ufpr.br\/index.php\/eventos\/lucs-7\/'><img loading=\"lazy\" decoding=\"async\" width=\"300\" height=\"199\" src=\"https:\/\/conservation.ufpr.br\/wp-content\/uploads\/2016\/06\/LUCs-7-300x199.jpg\" class=\"attachment-medium size-medium\" alt=\"\" aria-describedby=\"gallery-1-293\" srcset=\"https:\/\/conservation.ufpr.br\/wp-content\/uploads\/2016\/06\/LUCs-7-300x199.jpg 300w, https:\/\/conservation.ufpr.br\/wp-content\/uploads\/2016\/06\/LUCs-7-768x510.jpg 768w, https:\/\/conservation.ufpr.br\/wp-content\/uploads\/2016\/06\/LUCs-7-1024x680.jpg 1024w, https:\/\/conservation.ufpr.br\/wp-content\/uploads\/2016\/06\/LUCs-7-1200x797.jpg 1200w\" sizes=\"auto, (max-width: 300px) 100vw, 300px\" \/><\/a>\n\t\t\t<\/dt>\n\t\t\t\t<dd class='wp-caption-text gallery-caption' id='gallery-1-293'>\n\t\t\t\tDia 1 &#8211; Alexandre Fran\u00e7a Tetto\n\t\t\t\t<\/dd><\/dl><dl class='gallery-item'>\n\t\t\t<dt class='gallery-icon landscape'>\n\t\t\t\t<a href='https:\/\/conservation.ufpr.br\/index.php\/eventos\/lucs-9\/'><img loading=\"lazy\" decoding=\"async\" width=\"300\" height=\"199\" src=\"https:\/\/conservation.ufpr.br\/wp-content\/uploads\/2016\/06\/LUCs-9-300x199.jpg\" class=\"attachment-medium size-medium\" alt=\"\" aria-describedby=\"gallery-1-294\" srcset=\"https:\/\/conservation.ufpr.br\/wp-content\/uploads\/2016\/06\/LUCs-9-300x199.jpg 300w, https:\/\/conservation.ufpr.br\/wp-content\/uploads\/2016\/06\/LUCs-9-768x510.jpg 768w, https:\/\/conservation.ufpr.br\/wp-content\/uploads\/2016\/06\/LUCs-9-1024x680.jpg 1024w, https:\/\/conservation.ufpr.br\/wp-content\/uploads\/2016\/06\/LUCs-9-1200x797.jpg 1200w\" sizes=\"auto, (max-width: 300px) 100vw, 300px\" \/><\/a>\n\t\t\t<\/dt>\n\t\t\t\t<dd class='wp-caption-text gallery-caption' id='gallery-1-294'>\n\t\t\t\tDia 1 &#8211; Alexandre Fran\u00e7a Tetto\n\t\t\t\t<\/dd><\/dl><dl class='gallery-item'>\n\t\t\t<dt class='gallery-icon landscape'>\n\t\t\t\t<a href='https:\/\/conservation.ufpr.br\/index.php\/eventos\/lucs-16\/'><img loading=\"lazy\" decoding=\"async\" width=\"300\" height=\"199\" src=\"https:\/\/conservation.ufpr.br\/wp-content\/uploads\/2016\/06\/LUCs-16-300x199.jpg\" class=\"attachment-medium size-medium\" alt=\"\" aria-describedby=\"gallery-1-297\" srcset=\"https:\/\/conservation.ufpr.br\/wp-content\/uploads\/2016\/06\/LUCs-16-300x199.jpg 300w, https:\/\/conservation.ufpr.br\/wp-content\/uploads\/2016\/06\/LUCs-16-768x510.jpg 768w, https:\/\/conservation.ufpr.br\/wp-content\/uploads\/2016\/06\/LUCs-16-1024x680.jpg 1024w, https:\/\/conservation.ufpr.br\/wp-content\/uploads\/2016\/06\/LUCs-16-1200x797.jpg 1200w\" sizes=\"auto, (max-width: 300px) 100vw, 300px\" \/><\/a>\n\t\t\t<\/dt>\n\t\t\t\t<dd class='wp-caption-text gallery-caption' id='gallery-1-297'>\n\t\t\t\tDia 1 &#8211; Gonzalo Olivares\n\t\t\t\t<\/dd><\/dl><br style=\"clear: both\" \/><dl class='gallery-item'>\n\t\t\t<dt class='gallery-icon landscape'>\n\t\t\t\t<a href='https:\/\/conservation.ufpr.br\/index.php\/eventos\/lucs-19\/'><img loading=\"lazy\" decoding=\"async\" width=\"300\" height=\"199\" src=\"https:\/\/conservation.ufpr.br\/wp-content\/uploads\/2016\/06\/LUCs-19-300x199.jpg\" class=\"attachment-medium size-medium\" alt=\"\" aria-describedby=\"gallery-1-298\" srcset=\"https:\/\/conservation.ufpr.br\/wp-content\/uploads\/2016\/06\/LUCs-19-300x199.jpg 300w, https:\/\/conservation.ufpr.br\/wp-content\/uploads\/2016\/06\/LUCs-19-768x510.jpg 768w, https:\/\/conservation.ufpr.br\/wp-content\/uploads\/2016\/06\/LUCs-19-1024x680.jpg 1024w, https:\/\/conservation.ufpr.br\/wp-content\/uploads\/2016\/06\/LUCs-19-1200x797.jpg 1200w\" sizes=\"auto, (max-width: 300px) 100vw, 300px\" \/><\/a>\n\t\t\t<\/dt>\n\t\t\t\t<dd class='wp-caption-text gallery-caption' id='gallery-1-298'>\n\t\t\t\tDia 1 &#8211; B\u00e1rbara Nogueira\n\t\t\t\t<\/dd><\/dl><dl class='gallery-item'>\n\t\t\t<dt class='gallery-icon landscape'>\n\t\t\t\t<a href='https:\/\/conservation.ufpr.br\/index.php\/eventos\/lucs-27\/'><img loading=\"lazy\" decoding=\"async\" width=\"300\" height=\"199\" src=\"https:\/\/conservation.ufpr.br\/wp-content\/uploads\/2016\/06\/LUCs-27-300x199.jpg\" class=\"attachment-medium size-medium\" alt=\"\" aria-describedby=\"gallery-1-300\" srcset=\"https:\/\/conservation.ufpr.br\/wp-content\/uploads\/2016\/06\/LUCs-27-300x199.jpg 300w, https:\/\/conservation.ufpr.br\/wp-content\/uploads\/2016\/06\/LUCs-27-768x510.jpg 768w, https:\/\/conservation.ufpr.br\/wp-content\/uploads\/2016\/06\/LUCs-27-1024x680.jpg 1024w, https:\/\/conservation.ufpr.br\/wp-content\/uploads\/2016\/06\/LUCs-27-1200x797.jpg 1200w\" sizes=\"auto, (max-width: 300px) 100vw, 300px\" \/><\/a>\n\t\t\t<\/dt>\n\t\t\t\t<dd class='wp-caption-text gallery-caption' id='gallery-1-300'>\n\t\t\t\tDia 2 &#8211; Angela Kuczach\n\t\t\t\t<\/dd><\/dl><dl class='gallery-item'>\n\t\t\t<dt class='gallery-icon landscape'>\n\t\t\t\t<a href='https:\/\/conservation.ufpr.br\/index.php\/eventos\/lucs-41\/'><img loading=\"lazy\" decoding=\"async\" width=\"300\" height=\"199\" src=\"https:\/\/conservation.ufpr.br\/wp-content\/uploads\/2016\/06\/LUCs-41-300x199.jpg\" class=\"attachment-medium size-medium\" alt=\"\" aria-describedby=\"gallery-1-305\" srcset=\"https:\/\/conservation.ufpr.br\/wp-content\/uploads\/2016\/06\/LUCs-41-300x199.jpg 300w, https:\/\/conservation.ufpr.br\/wp-content\/uploads\/2016\/06\/LUCs-41-768x510.jpg 768w, https:\/\/conservation.ufpr.br\/wp-content\/uploads\/2016\/06\/LUCs-41-1024x680.jpg 1024w, https:\/\/conservation.ufpr.br\/wp-content\/uploads\/2016\/06\/LUCs-41-1200x797.jpg 1200w\" sizes=\"auto, (max-width: 300px) 100vw, 300px\" \/><\/a>\n\t\t\t<\/dt>\n\t\t\t\t<dd class='wp-caption-text gallery-caption' id='gallery-1-305'>\n\t\t\t\tDia 2 &#8211; Bianca Reinert\n\t\t\t\t<\/dd><\/dl><br style=\"clear: both\" \/><dl class='gallery-item'>\n\t\t\t<dt class='gallery-icon landscape'>\n\t\t\t\t<a href='https:\/\/conservation.ufpr.br\/index.php\/eventos\/lucs-49\/'><img loading=\"lazy\" decoding=\"async\" width=\"300\" height=\"199\" src=\"https:\/\/conservation.ufpr.br\/wp-content\/uploads\/2016\/06\/LUCs-49-300x199.jpg\" class=\"attachment-medium size-medium\" alt=\"\" aria-describedby=\"gallery-1-307\" srcset=\"https:\/\/conservation.ufpr.br\/wp-content\/uploads\/2016\/06\/LUCs-49-300x199.jpg 300w, https:\/\/conservation.ufpr.br\/wp-content\/uploads\/2016\/06\/LUCs-49-768x510.jpg 768w, https:\/\/conservation.ufpr.br\/wp-content\/uploads\/2016\/06\/LUCs-49-1024x680.jpg 1024w, https:\/\/conservation.ufpr.br\/wp-content\/uploads\/2016\/06\/LUCs-49-1200x797.jpg 1200w\" sizes=\"auto, (max-width: 300px) 100vw, 300px\" \/><\/a>\n\t\t\t<\/dt>\n\t\t\t\t<dd class='wp-caption-text gallery-caption' id='gallery-1-307'>\n\t\t\t\tDia 2 &#8211; Ana Carolina Saupe\n\t\t\t\t<\/dd><\/dl><dl class='gallery-item'>\n\t\t\t<dt class='gallery-icon landscape'>\n\t\t\t\t<a href='https:\/\/conservation.ufpr.br\/index.php\/eventos\/lucs-53\/'><img loading=\"lazy\" decoding=\"async\" width=\"300\" height=\"199\" src=\"https:\/\/conservation.ufpr.br\/wp-content\/uploads\/2016\/06\/LUCs-53-300x199.jpg\" class=\"attachment-medium size-medium\" alt=\"\" aria-describedby=\"gallery-1-309\" srcset=\"https:\/\/conservation.ufpr.br\/wp-content\/uploads\/2016\/06\/LUCs-53-300x199.jpg 300w, https:\/\/conservation.ufpr.br\/wp-content\/uploads\/2016\/06\/LUCs-53-768x510.jpg 768w, https:\/\/conservation.ufpr.br\/wp-content\/uploads\/2016\/06\/LUCs-53-1024x680.jpg 1024w, https:\/\/conservation.ufpr.br\/wp-content\/uploads\/2016\/06\/LUCs-53-1200x797.jpg 1200w\" sizes=\"auto, (max-width: 300px) 100vw, 300px\" \/><\/a>\n\t\t\t<\/dt>\n\t\t\t\t<dd class='wp-caption-text gallery-caption' id='gallery-1-309'>\n\t\t\t\tDia 2 &#8211; Guilherme de Camargo Vasconcellos\n\t\t\t\t<\/dd><\/dl><dl class='gallery-item'>\n\t\t\t<dt class='gallery-icon landscape'>\n\t\t\t\t<a href='https:\/\/conservation.ufpr.br\/index.php\/eventos\/lucs-66\/'><img loading=\"lazy\" decoding=\"async\" width=\"300\" height=\"199\" src=\"https:\/\/conservation.ufpr.br\/wp-content\/uploads\/2016\/06\/LUCs-66-300x199.jpg\" class=\"attachment-medium size-medium\" alt=\"\" aria-describedby=\"gallery-1-311\" srcset=\"https:\/\/conservation.ufpr.br\/wp-content\/uploads\/2016\/06\/LUCs-66-300x199.jpg 300w, https:\/\/conservation.ufpr.br\/wp-content\/uploads\/2016\/06\/LUCs-66-768x510.jpg 768w, https:\/\/conservation.ufpr.br\/wp-content\/uploads\/2016\/06\/LUCs-66-1024x680.jpg 1024w, https:\/\/conservation.ufpr.br\/wp-content\/uploads\/2016\/06\/LUCs-66-1200x797.jpg 1200w\" sizes=\"auto, (max-width: 300px) 100vw, 300px\" \/><\/a>\n\t\t\t<\/dt>\n\t\t\t\t<dd class='wp-caption-text gallery-caption' id='gallery-1-311'>\n\t\t\t\tDia 2 &#8211; Mesa de Discuss\u00f5es\n\t\t\t\t<\/dd><\/dl><br style=\"clear: both\" \/><dl class='gallery-item'>\n\t\t\t<dt class='gallery-icon landscape'>\n\t\t\t\t<a href='https:\/\/conservation.ufpr.br\/index.php\/eventos\/lucs-79-2\/'><img loading=\"lazy\" decoding=\"async\" width=\"300\" height=\"199\" src=\"https:\/\/conservation.ufpr.br\/wp-content\/uploads\/2016\/06\/LUCs-79-300x199.jpg\" class=\"attachment-medium size-medium\" alt=\"\" aria-describedby=\"gallery-1-313\" srcset=\"https:\/\/conservation.ufpr.br\/wp-content\/uploads\/2016\/06\/LUCs-79-300x199.jpg 300w, https:\/\/conservation.ufpr.br\/wp-content\/uploads\/2016\/06\/LUCs-79-768x510.jpg 768w, https:\/\/conservation.ufpr.br\/wp-content\/uploads\/2016\/06\/LUCs-79-1024x680.jpg 1024w, https:\/\/conservation.ufpr.br\/wp-content\/uploads\/2016\/06\/LUCs-79-1200x797.jpg 1200w\" sizes=\"auto, (max-width: 300px) 100vw, 300px\" \/><\/a>\n\t\t\t<\/dt>\n\t\t\t\t<dd class='wp-caption-text gallery-caption' id='gallery-1-313'>\n\t\t\t\tDia 2 &#8211; Palestrantes\n\t\t\t\t<\/dd><\/dl><dl class='gallery-item'>\n\t\t\t<dt class='gallery-icon landscape'>\n\t\t\t\t<a href='https:\/\/conservation.ufpr.br\/index.php\/eventos\/lucs-87\/'><img loading=\"lazy\" decoding=\"async\" width=\"300\" height=\"199\" src=\"https:\/\/conservation.ufpr.br\/wp-content\/uploads\/2016\/06\/LUCs-87-300x199.jpg\" class=\"attachment-medium size-medium\" alt=\"\" aria-describedby=\"gallery-1-315\" srcset=\"https:\/\/conservation.ufpr.br\/wp-content\/uploads\/2016\/06\/LUCs-87-300x199.jpg 300w, https:\/\/conservation.ufpr.br\/wp-content\/uploads\/2016\/06\/LUCs-87-768x510.jpg 768w, https:\/\/conservation.ufpr.br\/wp-content\/uploads\/2016\/06\/LUCs-87-1024x680.jpg 1024w, https:\/\/conservation.ufpr.br\/wp-content\/uploads\/2016\/06\/LUCs-87-1200x797.jpg 1200w\" sizes=\"auto, (max-width: 300px) 100vw, 300px\" \/><\/a>\n\t\t\t<\/dt>\n\t\t\t\t<dd class='wp-caption-text gallery-caption' id='gallery-1-315'>\n\t\t\t\tDia 2 &#8211; Cl\u00f3vis R. S. Borges\n\t\t\t\t<\/dd><\/dl><dl class='gallery-item'>\n\t\t\t<dt class='gallery-icon landscape'>\n\t\t\t\t<a href='https:\/\/conservation.ufpr.br\/index.php\/eventos\/lucs-97-2\/'><img loading=\"lazy\" decoding=\"async\" width=\"300\" height=\"199\" src=\"https:\/\/conservation.ufpr.br\/wp-content\/uploads\/2016\/06\/LUCs-97-300x199.jpg\" class=\"attachment-medium size-medium\" alt=\"\" aria-describedby=\"gallery-1-317\" srcset=\"https:\/\/conservation.ufpr.br\/wp-content\/uploads\/2016\/06\/LUCs-97-300x199.jpg 300w, https:\/\/conservation.ufpr.br\/wp-content\/uploads\/2016\/06\/LUCs-97-768x510.jpg 768w, https:\/\/conservation.ufpr.br\/wp-content\/uploads\/2016\/06\/LUCs-97-1024x680.jpg 1024w, https:\/\/conservation.ufpr.br\/wp-content\/uploads\/2016\/06\/LUCs-97-1200x797.jpg 1200w\" sizes=\"auto, (max-width: 300px) 100vw, 300px\" \/><\/a>\n\t\t\t<\/dt>\n\t\t\t\t<dd class='wp-caption-text gallery-caption' id='gallery-1-317'>\n\t\t\t\tDia 2 &#8211; Mauricio Savi\n\t\t\t\t<\/dd><\/dl><br style=\"clear: both\" \/><dl class='gallery-item'>\n\t\t\t<dt class='gallery-icon landscape'>\n\t\t\t\t<a href='https:\/\/conservation.ufpr.br\/index.php\/eventos\/lucs-99-2\/'><img loading=\"lazy\" decoding=\"async\" width=\"300\" height=\"199\" src=\"https:\/\/conservation.ufpr.br\/wp-content\/uploads\/2016\/06\/LUCs-99-300x199.jpg\" class=\"attachment-medium size-medium\" alt=\"\" aria-describedby=\"gallery-1-318\" srcset=\"https:\/\/conservation.ufpr.br\/wp-content\/uploads\/2016\/06\/LUCs-99-300x199.jpg 300w, https:\/\/conservation.ufpr.br\/wp-content\/uploads\/2016\/06\/LUCs-99-768x510.jpg 768w, https:\/\/conservation.ufpr.br\/wp-content\/uploads\/2016\/06\/LUCs-99-1024x680.jpg 1024w, https:\/\/conservation.ufpr.br\/wp-content\/uploads\/2016\/06\/LUCs-99-1200x797.jpg 1200w\" sizes=\"auto, (max-width: 300px) 100vw, 300px\" \/><\/a>\n\t\t\t<\/dt>\n\t\t\t\t<dd class='wp-caption-text gallery-caption' id='gallery-1-318'>\n\t\t\t\tDia 2 &#8211; Alexandre Gaio\n\t\t\t\t<\/dd><\/dl><dl class='gallery-item'>\n\t\t\t<dt class='gallery-icon landscape'>\n\t\t\t\t<a href='https:\/\/conservation.ufpr.br\/index.php\/eventos\/lucs-103\/'><img loading=\"lazy\" decoding=\"async\" width=\"300\" height=\"199\" src=\"https:\/\/conservation.ufpr.br\/wp-content\/uploads\/2016\/06\/LUCs-103-300x199.jpg\" class=\"attachment-medium size-medium\" alt=\"\" aria-describedby=\"gallery-1-321\" srcset=\"https:\/\/conservation.ufpr.br\/wp-content\/uploads\/2016\/06\/LUCs-103-300x199.jpg 300w, https:\/\/conservation.ufpr.br\/wp-content\/uploads\/2016\/06\/LUCs-103-768x510.jpg 768w, https:\/\/conservation.ufpr.br\/wp-content\/uploads\/2016\/06\/LUCs-103-1024x680.jpg 1024w, https:\/\/conservation.ufpr.br\/wp-content\/uploads\/2016\/06\/LUCs-103-1200x797.jpg 1200w\" sizes=\"auto, (max-width: 300px) 100vw, 300px\" \/><\/a>\n\t\t\t<\/dt>\n\t\t\t\t<dd class='wp-caption-text gallery-caption' id='gallery-1-321'>\n\t\t\t\tDia 2 &#8211; Daniela Pivoto\n\t\t\t\t<\/dd><\/dl><dl class='gallery-item'>\n\t\t\t<dt class='gallery-icon landscape'>\n\t\t\t\t<a href='https:\/\/conservation.ufpr.br\/index.php\/eventos\/lucs-109\/'><img loading=\"lazy\" decoding=\"async\" width=\"300\" height=\"199\" src=\"https:\/\/conservation.ufpr.br\/wp-content\/uploads\/2016\/06\/LUCs-109-300x199.jpg\" class=\"attachment-medium size-medium\" alt=\"\" aria-describedby=\"gallery-1-322\" srcset=\"https:\/\/conservation.ufpr.br\/wp-content\/uploads\/2016\/06\/LUCs-109-300x199.jpg 300w, https:\/\/conservation.ufpr.br\/wp-content\/uploads\/2016\/06\/LUCs-109-768x510.jpg 768w, https:\/\/conservation.ufpr.br\/wp-content\/uploads\/2016\/06\/LUCs-109-1024x680.jpg 1024w, https:\/\/conservation.ufpr.br\/wp-content\/uploads\/2016\/06\/LUCs-109-1200x797.jpg 1200w\" sizes=\"auto, (max-width: 300px) 100vw, 300px\" \/><\/a>\n\t\t\t<\/dt>\n\t\t\t\t<dd class='wp-caption-text gallery-caption' id='gallery-1-322'>\n\t\t\t\tDia 2 &#8211; Mesa de Discuss\u00f5es\n\t\t\t\t<\/dd><\/dl><br style=\"clear: both\" \/><dl class='gallery-item'>\n\t\t\t<dt class='gallery-icon landscape'>\n\t\t\t\t<a href='https:\/\/conservation.ufpr.br\/index.php\/eventos\/lucs-112\/'><img loading=\"lazy\" decoding=\"async\" width=\"300\" height=\"199\" src=\"https:\/\/conservation.ufpr.br\/wp-content\/uploads\/2016\/06\/LUCs-112-300x199.jpg\" class=\"attachment-medium size-medium\" alt=\"\" aria-describedby=\"gallery-1-323\" srcset=\"https:\/\/conservation.ufpr.br\/wp-content\/uploads\/2016\/06\/LUCs-112-300x199.jpg 300w, https:\/\/conservation.ufpr.br\/wp-content\/uploads\/2016\/06\/LUCs-112-768x510.jpg 768w, https:\/\/conservation.ufpr.br\/wp-content\/uploads\/2016\/06\/LUCs-112-1024x680.jpg 1024w, https:\/\/conservation.ufpr.br\/wp-content\/uploads\/2016\/06\/LUCs-112-1200x797.jpg 1200w\" sizes=\"auto, (max-width: 300px) 100vw, 300px\" \/><\/a>\n\t\t\t<\/dt>\n\t\t\t\t<dd class='wp-caption-text gallery-caption' id='gallery-1-323'>\n\t\t\t\tDia 2 &#8211; Palestrantes\n\t\t\t\t<\/dd><\/dl>\n\t\t\t<br style='clear: both' \/>\n\t\t<\/div>\n\n<p><strong>\u00a0FOTOS DIA DE CAMPO<\/strong><\/p>\n\n\t\t<style type=\"text\/css\">\n\t\t\t#gallery-2 {\n\t\t\t\tmargin: auto;\n\t\t\t}\n\t\t\t#gallery-2 .gallery-item {\n\t\t\t\tfloat: left;\n\t\t\t\tmargin-top: 10px;\n\t\t\t\ttext-align: center;\n\t\t\t\twidth: 33%;\n\t\t\t}\n\t\t\t#gallery-2 img {\n\t\t\t\tborder: 2px solid #cfcfcf;\n\t\t\t}\n\t\t\t#gallery-2 .gallery-caption {\n\t\t\t\tmargin-left: 0;\n\t\t\t}\n\t\t\t\/* see gallery_shortcode() in wp-includes\/media.php *\/\n\t\t<\/style>\n\t\t<div id='gallery-2' class='gallery galleryid-44 gallery-columns-3 gallery-size-medium'><dl class='gallery-item'>\n\t\t\t<dt class='gallery-icon landscape'>\n\t\t\t\t<a href='https:\/\/conservation.ufpr.br\/lucs-71\/'><img loading=\"lazy\" decoding=\"async\" width=\"300\" height=\"225\" src=\"https:\/\/conservation.ufpr.br\/wp-content\/uploads\/2016\/08\/LUCs-71-300x225.jpg\" class=\"attachment-medium size-medium\" alt=\"\" aria-describedby=\"gallery-2-268\" srcset=\"https:\/\/conservation.ufpr.br\/wp-content\/uploads\/2016\/08\/LUCs-71-300x225.jpg 300w, https:\/\/conservation.ufpr.br\/wp-content\/uploads\/2016\/08\/LUCs-71-768x576.jpg 768w, https:\/\/conservation.ufpr.br\/wp-content\/uploads\/2016\/08\/LUCs-71-1024x768.jpg 1024w, https:\/\/conservation.ufpr.br\/wp-content\/uploads\/2016\/08\/LUCs-71-1200x900.jpg 1200w\" sizes=\"auto, (max-width: 300px) 100vw, 300px\" \/><\/a>\n\t\t\t<\/dt>\n\t\t\t\t<dd class='wp-caption-text gallery-caption' id='gallery-2-268'>\n\t\t\t\tParque Estadual do Monge\n\t\t\t\t<\/dd><\/dl><dl class='gallery-item'>\n\t\t\t<dt class='gallery-icon landscape'>\n\t\t\t\t<a href='https:\/\/conservation.ufpr.br\/lucs-70\/'><img loading=\"lazy\" decoding=\"async\" width=\"300\" height=\"225\" src=\"https:\/\/conservation.ufpr.br\/wp-content\/uploads\/2016\/08\/LUCs-70-300x225.jpg\" class=\"attachment-medium size-medium\" alt=\"\" aria-describedby=\"gallery-2-267\" srcset=\"https:\/\/conservation.ufpr.br\/wp-content\/uploads\/2016\/08\/LUCs-70-300x225.jpg 300w, https:\/\/conservation.ufpr.br\/wp-content\/uploads\/2016\/08\/LUCs-70-768x576.jpg 768w, https:\/\/conservation.ufpr.br\/wp-content\/uploads\/2016\/08\/LUCs-70-1024x768.jpg 1024w, https:\/\/conservation.ufpr.br\/wp-content\/uploads\/2016\/08\/LUCs-70-1200x900.jpg 1200w\" sizes=\"auto, (max-width: 300px) 100vw, 300px\" \/><\/a>\n\t\t\t<\/dt>\n\t\t\t\t<dd class='wp-caption-text gallery-caption' id='gallery-2-267'>\n\t\t\t\tTopo do Parque Estadual do Monge\n\t\t\t\t<\/dd><\/dl><dl class='gallery-item'>\n\t\t\t<dt class='gallery-icon landscape'>\n\t\t\t\t<a href='https:\/\/conservation.ufpr.br\/lucs-61\/'><img loading=\"lazy\" decoding=\"async\" width=\"300\" height=\"225\" src=\"https:\/\/conservation.ufpr.br\/wp-content\/uploads\/2016\/08\/LUCs-61-300x225.jpg\" class=\"attachment-medium size-medium\" alt=\"\" aria-describedby=\"gallery-2-264\" srcset=\"https:\/\/conservation.ufpr.br\/wp-content\/uploads\/2016\/08\/LUCs-61-300x225.jpg 300w, https:\/\/conservation.ufpr.br\/wp-content\/uploads\/2016\/08\/LUCs-61-768x576.jpg 768w, https:\/\/conservation.ufpr.br\/wp-content\/uploads\/2016\/08\/LUCs-61-1024x768.jpg 1024w, https:\/\/conservation.ufpr.br\/wp-content\/uploads\/2016\/08\/LUCs-61-1200x900.jpg 1200w\" sizes=\"auto, (max-width: 300px) 100vw, 300px\" \/><\/a>\n\t\t\t<\/dt>\n\t\t\t\t<dd class='wp-caption-text gallery-caption' id='gallery-2-264'>\n\t\t\t\tTrilha &#8211; Parque Estadual do Monge\n\t\t\t\t<\/dd><\/dl><br style=\"clear: both\" \/><dl class='gallery-item'>\n\t\t\t<dt class='gallery-icon portrait'>\n\t\t\t\t<a href='https:\/\/conservation.ufpr.br\/lucs-55\/'><img loading=\"lazy\" decoding=\"async\" width=\"225\" height=\"300\" src=\"https:\/\/conservation.ufpr.br\/wp-content\/uploads\/2016\/08\/LUCs-55-225x300.jpg\" class=\"attachment-medium size-medium\" alt=\"\" aria-describedby=\"gallery-2-263\" srcset=\"https:\/\/conservation.ufpr.br\/wp-content\/uploads\/2016\/08\/LUCs-55-225x300.jpg 225w, https:\/\/conservation.ufpr.br\/wp-content\/uploads\/2016\/08\/LUCs-55-768x1024.jpg 768w, https:\/\/conservation.ufpr.br\/wp-content\/uploads\/2016\/08\/LUCs-55-1200x1600.jpg 1200w\" sizes=\"auto, (max-width: 225px) 100vw, 225px\" \/><\/a>\n\t\t\t<\/dt>\n\t\t\t\t<dd class='wp-caption-text gallery-caption' id='gallery-2-263'>\n\t\t\t\tTrilha &#8211; Parque Estadual do Monge\n\t\t\t\t<\/dd><\/dl><dl class='gallery-item'>\n\t\t\t<dt class='gallery-icon landscape'>\n\t\t\t\t<a href='https:\/\/conservation.ufpr.br\/lucs-47\/'><img loading=\"lazy\" decoding=\"async\" width=\"300\" height=\"225\" src=\"https:\/\/conservation.ufpr.br\/wp-content\/uploads\/2016\/08\/LUCs-47-300x225.jpg\" class=\"attachment-medium size-medium\" alt=\"\" aria-describedby=\"gallery-2-262\" srcset=\"https:\/\/conservation.ufpr.br\/wp-content\/uploads\/2016\/08\/LUCs-47-300x225.jpg 300w, https:\/\/conservation.ufpr.br\/wp-content\/uploads\/2016\/08\/LUCs-47-768x576.jpg 768w, https:\/\/conservation.ufpr.br\/wp-content\/uploads\/2016\/08\/LUCs-47-1024x768.jpg 1024w, https:\/\/conservation.ufpr.br\/wp-content\/uploads\/2016\/08\/LUCs-47-1200x900.jpg 1200w\" sizes=\"auto, (max-width: 300px) 100vw, 300px\" \/><\/a>\n\t\t\t<\/dt>\n\t\t\t\t<dd class='wp-caption-text gallery-caption' id='gallery-2-262'>\n\t\t\t\tTrilha &#8211; Parque Estadual do Monge\n\t\t\t\t<\/dd><\/dl><dl class='gallery-item'>\n\t\t\t<dt class='gallery-icon landscape'>\n\t\t\t\t<a href='https:\/\/conservation.ufpr.br\/lucs-39\/'><img loading=\"lazy\" decoding=\"async\" width=\"300\" height=\"225\" src=\"https:\/\/conservation.ufpr.br\/wp-content\/uploads\/2016\/08\/LUCs-39-300x225.jpg\" class=\"attachment-medium size-medium\" alt=\"\" aria-describedby=\"gallery-2-260\" srcset=\"https:\/\/conservation.ufpr.br\/wp-content\/uploads\/2016\/08\/LUCs-39-300x225.jpg 300w, https:\/\/conservation.ufpr.br\/wp-content\/uploads\/2016\/08\/LUCs-39-768x576.jpg 768w, https:\/\/conservation.ufpr.br\/wp-content\/uploads\/2016\/08\/LUCs-39-1024x768.jpg 1024w, https:\/\/conservation.ufpr.br\/wp-content\/uploads\/2016\/08\/LUCs-39-1200x900.jpg 1200w\" sizes=\"auto, (max-width: 300px) 100vw, 300px\" \/><\/a>\n\t\t\t<\/dt>\n\t\t\t\t<dd class='wp-caption-text gallery-caption' id='gallery-2-260'>\n\t\t\t\tTrilha &#8211; Parque Estadual do Monge\n\t\t\t\t<\/dd><\/dl><br style=\"clear: both\" \/><dl class='gallery-item'>\n\t\t\t<dt class='gallery-icon portrait'>\n\t\t\t\t<a href='https:\/\/conservation.ufpr.br\/lucs-34\/'><img loading=\"lazy\" decoding=\"async\" width=\"225\" height=\"300\" src=\"https:\/\/conservation.ufpr.br\/wp-content\/uploads\/2016\/08\/LUCs-34-225x300.jpg\" class=\"attachment-medium size-medium\" alt=\"\" aria-describedby=\"gallery-2-258\" srcset=\"https:\/\/conservation.ufpr.br\/wp-content\/uploads\/2016\/08\/LUCs-34-225x300.jpg 225w, https:\/\/conservation.ufpr.br\/wp-content\/uploads\/2016\/08\/LUCs-34-768x1024.jpg 768w, https:\/\/conservation.ufpr.br\/wp-content\/uploads\/2016\/08\/LUCs-34-1200x1600.jpg 1200w\" sizes=\"auto, (max-width: 225px) 100vw, 225px\" \/><\/a>\n\t\t\t<\/dt>\n\t\t\t\t<dd class='wp-caption-text gallery-caption' id='gallery-2-258'>\n\t\t\t\tTrilha &#8211; Parque Estadual do Monge\n\t\t\t\t<\/dd><\/dl><dl class='gallery-item'>\n\t\t\t<dt class='gallery-icon landscape'>\n\t\t\t\t<a href='https:\/\/conservation.ufpr.br\/lucs-28\/'><img loading=\"lazy\" decoding=\"async\" width=\"300\" height=\"225\" src=\"https:\/\/conservation.ufpr.br\/wp-content\/uploads\/2016\/08\/LUCs-28-300x225.jpg\" class=\"attachment-medium size-medium\" alt=\"\" aria-describedby=\"gallery-2-257\" srcset=\"https:\/\/conservation.ufpr.br\/wp-content\/uploads\/2016\/08\/LUCs-28-300x225.jpg 300w, https:\/\/conservation.ufpr.br\/wp-content\/uploads\/2016\/08\/LUCs-28-768x576.jpg 768w, https:\/\/conservation.ufpr.br\/wp-content\/uploads\/2016\/08\/LUCs-28-1024x768.jpg 1024w, https:\/\/conservation.ufpr.br\/wp-content\/uploads\/2016\/08\/LUCs-28-1200x900.jpg 1200w\" sizes=\"auto, (max-width: 300px) 100vw, 300px\" \/><\/a>\n\t\t\t<\/dt>\n\t\t\t\t<dd class='wp-caption-text gallery-caption' id='gallery-2-257'>\n\t\t\t\tTrilha &#8211; Parque Estadual do Monge\n\t\t\t\t<\/dd><\/dl><dl class='gallery-item'>\n\t\t\t<dt class='gallery-icon landscape'>\n\t\t\t\t<a href='https:\/\/conservation.ufpr.br\/lucs-21\/'><img loading=\"lazy\" decoding=\"async\" width=\"300\" height=\"225\" src=\"https:\/\/conservation.ufpr.br\/wp-content\/uploads\/2016\/08\/LUCs-21-300x225.jpg\" class=\"attachment-medium size-medium\" alt=\"\" aria-describedby=\"gallery-2-256\" srcset=\"https:\/\/conservation.ufpr.br\/wp-content\/uploads\/2016\/08\/LUCs-21-300x225.jpg 300w, https:\/\/conservation.ufpr.br\/wp-content\/uploads\/2016\/08\/LUCs-21-768x576.jpg 768w, https:\/\/conservation.ufpr.br\/wp-content\/uploads\/2016\/08\/LUCs-21-1024x768.jpg 1024w, https:\/\/conservation.ufpr.br\/wp-content\/uploads\/2016\/08\/LUCs-21-1200x900.jpg 1200w\" sizes=\"auto, (max-width: 300px) 100vw, 300px\" \/><\/a>\n\t\t\t<\/dt>\n\t\t\t\t<dd class='wp-caption-text gallery-caption' id='gallery-2-256'>\n\t\t\t\tParque Estadual do Monge\n\t\t\t\t<\/dd><\/dl><br style=\"clear: both\" \/><dl class='gallery-item'>\n\t\t\t<dt class='gallery-icon landscape'>\n\t\t\t\t<a href='https:\/\/conservation.ufpr.br\/lucs-18\/'><img loading=\"lazy\" decoding=\"async\" width=\"300\" height=\"225\" src=\"https:\/\/conservation.ufpr.br\/wp-content\/uploads\/2016\/08\/LUCs-18-300x225.jpg\" class=\"attachment-medium size-medium\" alt=\"\" aria-describedby=\"gallery-2-255\" srcset=\"https:\/\/conservation.ufpr.br\/wp-content\/uploads\/2016\/08\/LUCs-18-300x225.jpg 300w, https:\/\/conservation.ufpr.br\/wp-content\/uploads\/2016\/08\/LUCs-18-768x576.jpg 768w, https:\/\/conservation.ufpr.br\/wp-content\/uploads\/2016\/08\/LUCs-18-1024x768.jpg 1024w, https:\/\/conservation.ufpr.br\/wp-content\/uploads\/2016\/08\/LUCs-18-1200x900.jpg 1200w\" sizes=\"auto, (max-width: 300px) 100vw, 300px\" \/><\/a>\n\t\t\t<\/dt>\n\t\t\t\t<dd class='wp-caption-text gallery-caption' id='gallery-2-255'>\n\t\t\t\tParque Estadual do Monge\n\t\t\t\t<\/dd><\/dl><dl class='gallery-item'>\n\t\t\t<dt class='gallery-icon landscape'>\n\t\t\t\t<a href='https:\/\/conservation.ufpr.br\/lucs-17\/'><img loading=\"lazy\" decoding=\"async\" width=\"300\" height=\"225\" src=\"https:\/\/conservation.ufpr.br\/wp-content\/uploads\/2016\/08\/LUCs-17-300x225.jpg\" class=\"attachment-medium size-medium\" alt=\"\" aria-describedby=\"gallery-2-254\" srcset=\"https:\/\/conservation.ufpr.br\/wp-content\/uploads\/2016\/08\/LUCs-17-300x225.jpg 300w, https:\/\/conservation.ufpr.br\/wp-content\/uploads\/2016\/08\/LUCs-17-768x576.jpg 768w, https:\/\/conservation.ufpr.br\/wp-content\/uploads\/2016\/08\/LUCs-17-1024x768.jpg 1024w, https:\/\/conservation.ufpr.br\/wp-content\/uploads\/2016\/08\/LUCs-17-1200x900.jpg 1200w\" sizes=\"auto, (max-width: 300px) 100vw, 300px\" \/><\/a>\n\t\t\t<\/dt>\n\t\t\t\t<dd class='wp-caption-text gallery-caption' id='gallery-2-254'>\n\t\t\t\tParque Estadual do Monge\n\t\t\t\t<\/dd><\/dl><dl class='gallery-item'>\n\t\t\t<dt class='gallery-icon landscape'>\n\t\t\t\t<a href='https:\/\/conservation.ufpr.br\/lucs-15\/'><img loading=\"lazy\" decoding=\"async\" width=\"300\" height=\"225\" src=\"https:\/\/conservation.ufpr.br\/wp-content\/uploads\/2016\/08\/LUCs-15-300x225.jpg\" class=\"attachment-medium size-medium\" alt=\"\" aria-describedby=\"gallery-2-253\" srcset=\"https:\/\/conservation.ufpr.br\/wp-content\/uploads\/2016\/08\/LUCs-15-300x225.jpg 300w, https:\/\/conservation.ufpr.br\/wp-content\/uploads\/2016\/08\/LUCs-15-768x576.jpg 768w, https:\/\/conservation.ufpr.br\/wp-content\/uploads\/2016\/08\/LUCs-15-1024x768.jpg 1024w, https:\/\/conservation.ufpr.br\/wp-content\/uploads\/2016\/08\/LUCs-15-1200x900.jpg 1200w\" sizes=\"auto, (max-width: 300px) 100vw, 300px\" \/><\/a>\n\t\t\t<\/dt>\n\t\t\t\t<dd class='wp-caption-text gallery-caption' id='gallery-2-253'>\n\t\t\t\tParque Estadual do Monge\n\t\t\t\t<\/dd><\/dl><br style=\"clear: both\" \/><dl class='gallery-item'>\n\t\t\t<dt class='gallery-icon landscape'>\n\t\t\t\t<a href='https:\/\/conservation.ufpr.br\/index.php\/eventos\/visita-na-rppn-mata-do-uru\/'><img loading=\"lazy\" decoding=\"async\" width=\"300\" height=\"225\" src=\"https:\/\/conservation.ufpr.br\/wp-content\/uploads\/2016\/08\/Visita-na-RPPN-Mata-do-URU-300x225.jpg\" class=\"attachment-medium size-medium\" alt=\"\" aria-describedby=\"gallery-2-289\" srcset=\"https:\/\/conservation.ufpr.br\/wp-content\/uploads\/2016\/08\/Visita-na-RPPN-Mata-do-URU-300x225.jpg 300w, https:\/\/conservation.ufpr.br\/wp-content\/uploads\/2016\/08\/Visita-na-RPPN-Mata-do-URU-768x576.jpg 768w, https:\/\/conservation.ufpr.br\/wp-content\/uploads\/2016\/08\/Visita-na-RPPN-Mata-do-URU.jpg 1024w\" sizes=\"auto, (max-width: 300px) 100vw, 300px\" \/><\/a>\n\t\t\t<\/dt>\n\t\t\t\t<dd class='wp-caption-text gallery-caption' id='gallery-2-289'>\n\t\t\t\tEncerramento do curso na Mata do Uru\n\t\t\t\t<\/dd><\/dl><dl class='gallery-item'>\n\t\t\t<dt class='gallery-icon landscape'>\n\t\t\t\t<a href='https:\/\/conservation.ufpr.br\/index.php\/eventos\/lucs-119\/'><img loading=\"lazy\" decoding=\"async\" width=\"300\" height=\"225\" src=\"https:\/\/conservation.ufpr.br\/wp-content\/uploads\/2016\/08\/LUCs-119-300x225.jpg\" class=\"attachment-medium size-medium\" alt=\"\" aria-describedby=\"gallery-2-288\" srcset=\"https:\/\/conservation.ufpr.br\/wp-content\/uploads\/2016\/08\/LUCs-119-300x225.jpg 300w, https:\/\/conservation.ufpr.br\/wp-content\/uploads\/2016\/08\/LUCs-119-768x576.jpg 768w, https:\/\/conservation.ufpr.br\/wp-content\/uploads\/2016\/08\/LUCs-119.jpg 1024w\" sizes=\"auto, (max-width: 300px) 100vw, 300px\" \/><\/a>\n\t\t\t<\/dt>\n\t\t\t\t<dd class='wp-caption-text gallery-caption' id='gallery-2-288'>\n\t\t\t\tEncerramento do curso na Mata do Uru\n\t\t\t\t<\/dd><\/dl><dl class='gallery-item'>\n\t\t\t<dt class='gallery-icon landscape'>\n\t\t\t\t<a href='https:\/\/conservation.ufpr.br\/index.php\/eventos\/lucs-99\/'><img loading=\"lazy\" decoding=\"async\" width=\"300\" height=\"225\" src=\"https:\/\/conservation.ufpr.br\/wp-content\/uploads\/2016\/08\/LUCs-99-300x225.jpg\" class=\"attachment-medium size-medium\" alt=\"\" aria-describedby=\"gallery-2-286\" srcset=\"https:\/\/conservation.ufpr.br\/wp-content\/uploads\/2016\/08\/LUCs-99-300x225.jpg 300w, https:\/\/conservation.ufpr.br\/wp-content\/uploads\/2016\/08\/LUCs-99-768x576.jpg 768w, https:\/\/conservation.ufpr.br\/wp-content\/uploads\/2016\/08\/LUCs-99.jpg 1024w\" sizes=\"auto, (max-width: 300px) 100vw, 300px\" \/><\/a>\n\t\t\t<\/dt>\n\t\t\t\t<dd class='wp-caption-text gallery-caption' id='gallery-2-286'>\n\t\t\t\tZona de Ra\u00edzes &#8211; Mata do Uru\n\t\t\t\t<\/dd><\/dl><br style=\"clear: both\" \/><dl class='gallery-item'>\n\t\t\t<dt class='gallery-icon landscape'>\n\t\t\t\t<a href='https:\/\/conservation.ufpr.br\/index.php\/eventos\/lucs-98\/'><img loading=\"lazy\" decoding=\"async\" width=\"300\" height=\"225\" src=\"https:\/\/conservation.ufpr.br\/wp-content\/uploads\/2016\/08\/LUCs-98-300x225.jpg\" class=\"attachment-medium size-medium\" alt=\"\" aria-describedby=\"gallery-2-285\" srcset=\"https:\/\/conservation.ufpr.br\/wp-content\/uploads\/2016\/08\/LUCs-98-300x225.jpg 300w, https:\/\/conservation.ufpr.br\/wp-content\/uploads\/2016\/08\/LUCs-98-768x576.jpg 768w, https:\/\/conservation.ufpr.br\/wp-content\/uploads\/2016\/08\/LUCs-98-1024x768.jpg 1024w, https:\/\/conservation.ufpr.br\/wp-content\/uploads\/2016\/08\/LUCs-98-1200x900.jpg 1200w\" sizes=\"auto, (max-width: 300px) 100vw, 300px\" \/><\/a>\n\t\t\t<\/dt>\n\t\t\t\t<dd class='wp-caption-text gallery-caption' id='gallery-2-285'>\n\t\t\t\tArauc\u00e1rias &#8211; Mata do Uru\n\t\t\t\t<\/dd><\/dl><dl class='gallery-item'>\n\t\t\t<dt class='gallery-icon landscape'>\n\t\t\t\t<a href='https:\/\/conservation.ufpr.br\/index.php\/eventos\/lucs-95\/'><img loading=\"lazy\" decoding=\"async\" width=\"300\" height=\"225\" src=\"https:\/\/conservation.ufpr.br\/wp-content\/uploads\/2016\/08\/LUCs-95-300x225.jpg\" class=\"attachment-medium size-medium\" alt=\"\" aria-describedby=\"gallery-2-282\" srcset=\"https:\/\/conservation.ufpr.br\/wp-content\/uploads\/2016\/08\/LUCs-95-300x225.jpg 300w, https:\/\/conservation.ufpr.br\/wp-content\/uploads\/2016\/08\/LUCs-95-768x576.jpg 768w, https:\/\/conservation.ufpr.br\/wp-content\/uploads\/2016\/08\/LUCs-95-1024x768.jpg 1024w, https:\/\/conservation.ufpr.br\/wp-content\/uploads\/2016\/08\/LUCs-95-1200x900.jpg 1200w\" sizes=\"auto, (max-width: 300px) 100vw, 300px\" \/><\/a>\n\t\t\t<\/dt>\n\t\t\t\t<dd class='wp-caption-text gallery-caption' id='gallery-2-282'>\n\t\t\t\tMata do Uru\n\t\t\t\t<\/dd><\/dl><dl class='gallery-item'>\n\t\t\t<dt class='gallery-icon landscape'>\n\t\t\t\t<a href='https:\/\/conservation.ufpr.br\/index.php\/eventos\/lucs-93\/'><img loading=\"lazy\" decoding=\"async\" width=\"300\" height=\"225\" src=\"https:\/\/conservation.ufpr.br\/wp-content\/uploads\/2016\/08\/LUCs-93-300x225.jpg\" class=\"attachment-medium size-medium\" alt=\"\" aria-describedby=\"gallery-2-281\" srcset=\"https:\/\/conservation.ufpr.br\/wp-content\/uploads\/2016\/08\/LUCs-93-300x225.jpg 300w, https:\/\/conservation.ufpr.br\/wp-content\/uploads\/2016\/08\/LUCs-93-768x576.jpg 768w, https:\/\/conservation.ufpr.br\/wp-content\/uploads\/2016\/08\/LUCs-93-1024x768.jpg 1024w, https:\/\/conservation.ufpr.br\/wp-content\/uploads\/2016\/08\/LUCs-93-1200x900.jpg 1200w\" sizes=\"auto, (max-width: 300px) 100vw, 300px\" \/><\/a>\n\t\t\t<\/dt>\n\t\t\t\t<dd class='wp-caption-text gallery-caption' id='gallery-2-281'>\n\t\t\t\tTrilha Educativa &#8211; Mata do Uru\n\t\t\t\t<\/dd><\/dl><br style=\"clear: both\" \/><dl class='gallery-item'>\n\t\t\t<dt class='gallery-icon landscape'>\n\t\t\t\t<a href='https:\/\/conservation.ufpr.br\/index.php\/eventos\/lucs-92\/'><img loading=\"lazy\" decoding=\"async\" width=\"300\" height=\"225\" src=\"https:\/\/conservation.ufpr.br\/wp-content\/uploads\/2016\/08\/LUCs-92-300x225.jpg\" class=\"attachment-medium size-medium\" alt=\"\" aria-describedby=\"gallery-2-280\" srcset=\"https:\/\/conservation.ufpr.br\/wp-content\/uploads\/2016\/08\/LUCs-92-300x225.jpg 300w, https:\/\/conservation.ufpr.br\/wp-content\/uploads\/2016\/08\/LUCs-92-768x576.jpg 768w, https:\/\/conservation.ufpr.br\/wp-content\/uploads\/2016\/08\/LUCs-92-1024x768.jpg 1024w, https:\/\/conservation.ufpr.br\/wp-content\/uploads\/2016\/08\/LUCs-92-1200x900.jpg 1200w\" sizes=\"auto, (max-width: 300px) 100vw, 300px\" \/><\/a>\n\t\t\t<\/dt>\n\t\t\t\t<dd class='wp-caption-text gallery-caption' id='gallery-2-280'>\n\t\t\t\tTrilha Educativa &#8211; Mata do Uru\n\t\t\t\t<\/dd><\/dl><dl class='gallery-item'>\n\t\t\t<dt class='gallery-icon landscape'>\n\t\t\t\t<a href='https:\/\/conservation.ufpr.br\/index.php\/eventos\/lucs-91\/'><img loading=\"lazy\" decoding=\"async\" width=\"300\" height=\"225\" src=\"https:\/\/conservation.ufpr.br\/wp-content\/uploads\/2016\/08\/LUCs-91-300x225.jpg\" class=\"attachment-medium size-medium\" alt=\"\" aria-describedby=\"gallery-2-279\" srcset=\"https:\/\/conservation.ufpr.br\/wp-content\/uploads\/2016\/08\/LUCs-91-300x225.jpg 300w, https:\/\/conservation.ufpr.br\/wp-content\/uploads\/2016\/08\/LUCs-91-768x576.jpg 768w, https:\/\/conservation.ufpr.br\/wp-content\/uploads\/2016\/08\/LUCs-91-1024x768.jpg 1024w, https:\/\/conservation.ufpr.br\/wp-content\/uploads\/2016\/08\/LUCs-91-1200x900.jpg 1200w\" sizes=\"auto, (max-width: 300px) 100vw, 300px\" \/><\/a>\n\t\t\t<\/dt>\n\t\t\t\t<dd class='wp-caption-text gallery-caption' id='gallery-2-279'>\n\t\t\t\tTrilha Educativa &#8211; Mata do Uru\n\t\t\t\t<\/dd><\/dl><dl class='gallery-item'>\n\t\t\t<dt class='gallery-icon landscape'>\n\t\t\t\t<a href='https:\/\/conservation.ufpr.br\/index.php\/eventos\/lucs-90\/'><img loading=\"lazy\" decoding=\"async\" width=\"300\" height=\"225\" src=\"https:\/\/conservation.ufpr.br\/wp-content\/uploads\/2016\/08\/LUCs-90-300x225.jpg\" class=\"attachment-medium size-medium\" alt=\"\" aria-describedby=\"gallery-2-278\" srcset=\"https:\/\/conservation.ufpr.br\/wp-content\/uploads\/2016\/08\/LUCs-90-300x225.jpg 300w, https:\/\/conservation.ufpr.br\/wp-content\/uploads\/2016\/08\/LUCs-90-768x576.jpg 768w, https:\/\/conservation.ufpr.br\/wp-content\/uploads\/2016\/08\/LUCs-90-1024x768.jpg 1024w, https:\/\/conservation.ufpr.br\/wp-content\/uploads\/2016\/08\/LUCs-90-1200x900.jpg 1200w\" sizes=\"auto, (max-width: 300px) 100vw, 300px\" \/><\/a>\n\t\t\t<\/dt>\n\t\t\t\t<dd class='wp-caption-text gallery-caption' id='gallery-2-278'>\n\t\t\t\tTrilha Educativa &#8211; Mata do Uru\n\t\t\t\t<\/dd><\/dl><br style=\"clear: both\" \/><dl class='gallery-item'>\n\t\t\t<dt class='gallery-icon landscape'>\n\t\t\t\t<a href='https:\/\/conservation.ufpr.br\/index.php\/eventos\/lucs-88\/'><img loading=\"lazy\" decoding=\"async\" width=\"300\" height=\"225\" src=\"https:\/\/conservation.ufpr.br\/wp-content\/uploads\/2016\/08\/LUCs-88-300x225.jpg\" class=\"attachment-medium size-medium\" alt=\"\" aria-describedby=\"gallery-2-277\" srcset=\"https:\/\/conservation.ufpr.br\/wp-content\/uploads\/2016\/08\/LUCs-88-300x225.jpg 300w, https:\/\/conservation.ufpr.br\/wp-content\/uploads\/2016\/08\/LUCs-88-768x576.jpg 768w, https:\/\/conservation.ufpr.br\/wp-content\/uploads\/2016\/08\/LUCs-88-1024x768.jpg 1024w, https:\/\/conservation.ufpr.br\/wp-content\/uploads\/2016\/08\/LUCs-88-1200x900.jpg 1200w\" sizes=\"auto, (max-width: 300px) 100vw, 300px\" \/><\/a>\n\t\t\t<\/dt>\n\t\t\t\t<dd class='wp-caption-text gallery-caption' id='gallery-2-277'>\n\t\t\t\tTrilha Educativa &#8211; Mata do Uru\n\t\t\t\t<\/dd><\/dl><dl class='gallery-item'>\n\t\t\t<dt class='gallery-icon landscape'>\n\t\t\t\t<a href='https:\/\/conservation.ufpr.br\/lucs-86\/'><img loading=\"lazy\" decoding=\"async\" width=\"300\" height=\"225\" src=\"https:\/\/conservation.ufpr.br\/wp-content\/uploads\/2016\/08\/LUCs-86-300x225.jpg\" class=\"attachment-medium size-medium\" alt=\"\" aria-describedby=\"gallery-2-276\" srcset=\"https:\/\/conservation.ufpr.br\/wp-content\/uploads\/2016\/08\/LUCs-86-300x225.jpg 300w, https:\/\/conservation.ufpr.br\/wp-content\/uploads\/2016\/08\/LUCs-86-768x576.jpg 768w, https:\/\/conservation.ufpr.br\/wp-content\/uploads\/2016\/08\/LUCs-86-1024x768.jpg 1024w, https:\/\/conservation.ufpr.br\/wp-content\/uploads\/2016\/08\/LUCs-86-1200x900.jpg 1200w\" sizes=\"auto, (max-width: 300px) 100vw, 300px\" \/><\/a>\n\t\t\t<\/dt>\n\t\t\t\t<dd class='wp-caption-text gallery-caption' id='gallery-2-276'>\n\t\t\t\tMata do Uru\n\t\t\t\t<\/dd><\/dl><dl class='gallery-item'>\n\t\t\t<dt class='gallery-icon landscape'>\n\t\t\t\t<a href='https:\/\/conservation.ufpr.br\/index.php\/eventos\/lucs-83\/'><img loading=\"lazy\" decoding=\"async\" width=\"300\" height=\"225\" src=\"https:\/\/conservation.ufpr.br\/wp-content\/uploads\/2016\/08\/LUCs-83-300x225.jpg\" class=\"attachment-medium size-medium\" alt=\"\" aria-describedby=\"gallery-2-275\" srcset=\"https:\/\/conservation.ufpr.br\/wp-content\/uploads\/2016\/08\/LUCs-83-300x225.jpg 300w, https:\/\/conservation.ufpr.br\/wp-content\/uploads\/2016\/08\/LUCs-83-768x576.jpg 768w, https:\/\/conservation.ufpr.br\/wp-content\/uploads\/2016\/08\/LUCs-83.jpg 1024w\" sizes=\"auto, (max-width: 300px) 100vw, 300px\" \/><\/a>\n\t\t\t<\/dt>\n\t\t\t\t<dd class='wp-caption-text gallery-caption' id='gallery-2-275'>\n\t\t\t\tRecep\u00e7\u00e3o &#8211; Mata do Uru\n\t\t\t\t<\/dd><\/dl><br style=\"clear: both\" \/><dl class='gallery-item'>\n\t\t\t<dt class='gallery-icon landscape'>\n\t\t\t\t<a href='https:\/\/conservation.ufpr.br\/index.php\/eventos\/lucs-81\/'><img loading=\"lazy\" decoding=\"async\" width=\"300\" height=\"225\" src=\"https:\/\/conservation.ufpr.br\/wp-content\/uploads\/2016\/08\/LUCs-81-300x225.jpg\" class=\"attachment-medium size-medium\" alt=\"\" aria-describedby=\"gallery-2-274\" srcset=\"https:\/\/conservation.ufpr.br\/wp-content\/uploads\/2016\/08\/LUCs-81-300x225.jpg 300w, https:\/\/conservation.ufpr.br\/wp-content\/uploads\/2016\/08\/LUCs-81-768x576.jpg 768w, https:\/\/conservation.ufpr.br\/wp-content\/uploads\/2016\/08\/LUCs-81-1024x768.jpg 1024w, https:\/\/conservation.ufpr.br\/wp-content\/uploads\/2016\/08\/LUCs-81-1200x900.jpg 1200w\" sizes=\"auto, (max-width: 300px) 100vw, 300px\" \/><\/a>\n\t\t\t<\/dt>\n\t\t\t\t<dd class='wp-caption-text gallery-caption' id='gallery-2-274'>\n\t\t\t\tRecep\u00e7\u00e3o &#8211; Mata do Uru\n\t\t\t\t<\/dd><\/dl><dl class='gallery-item'>\n\t\t\t<dt class='gallery-icon landscape'>\n\t\t\t\t<a href='https:\/\/conservation.ufpr.br\/lucs-80\/'><img loading=\"lazy\" decoding=\"async\" width=\"300\" height=\"225\" src=\"https:\/\/conservation.ufpr.br\/wp-content\/uploads\/2016\/08\/LUCs-80-300x225.jpg\" class=\"attachment-medium size-medium\" alt=\"\" aria-describedby=\"gallery-2-273\" srcset=\"https:\/\/conservation.ufpr.br\/wp-content\/uploads\/2016\/08\/LUCs-80-300x225.jpg 300w, https:\/\/conservation.ufpr.br\/wp-content\/uploads\/2016\/08\/LUCs-80-768x576.jpg 768w, https:\/\/conservation.ufpr.br\/wp-content\/uploads\/2016\/08\/LUCs-80-1024x768.jpg 1024w, https:\/\/conservation.ufpr.br\/wp-content\/uploads\/2016\/08\/LUCs-80-1200x900.jpg 1200w\" sizes=\"auto, (max-width: 300px) 100vw, 300px\" \/><\/a>\n\t\t\t<\/dt>\n\t\t\t\t<dd class='wp-caption-text gallery-caption' id='gallery-2-273'>\n\t\t\t\tMata do Uru\n\t\t\t\t<\/dd><\/dl><dl class='gallery-item'>\n\t\t\t<dt class='gallery-icon landscape'>\n\t\t\t\t<a href='https:\/\/conservation.ufpr.br\/index.php\/eventos\/lucs-79\/'><img loading=\"lazy\" decoding=\"async\" width=\"300\" height=\"225\" src=\"https:\/\/conservation.ufpr.br\/wp-content\/uploads\/2016\/08\/LUCs-79-300x225.jpg\" class=\"attachment-medium size-medium\" alt=\"\" aria-describedby=\"gallery-2-272\" srcset=\"https:\/\/conservation.ufpr.br\/wp-content\/uploads\/2016\/08\/LUCs-79-300x225.jpg 300w, https:\/\/conservation.ufpr.br\/wp-content\/uploads\/2016\/08\/LUCs-79-768x576.jpg 768w, https:\/\/conservation.ufpr.br\/wp-content\/uploads\/2016\/08\/LUCs-79-1024x768.jpg 1024w, https:\/\/conservation.ufpr.br\/wp-content\/uploads\/2016\/08\/LUCs-79-1200x900.jpg 1200w\" sizes=\"auto, (max-width: 300px) 100vw, 300px\" \/><\/a>\n\t\t\t<\/dt>\n\t\t\t\t<dd class='wp-caption-text gallery-caption' id='gallery-2-272'>\n\t\t\t\tTrilha &#8211; Mata do Uru\n\t\t\t\t<\/dd><\/dl><br style=\"clear: both\" \/><dl class='gallery-item'>\n\t\t\t<dt class='gallery-icon landscape'>\n\t\t\t\t<a href='https:\/\/conservation.ufpr.br\/index.php\/eventos\/lucs-78\/'><img loading=\"lazy\" decoding=\"async\" width=\"300\" height=\"225\" src=\"https:\/\/conservation.ufpr.br\/wp-content\/uploads\/2016\/08\/LUCs-78-300x225.jpg\" class=\"attachment-medium size-medium\" alt=\"\" aria-describedby=\"gallery-2-271\" srcset=\"https:\/\/conservation.ufpr.br\/wp-content\/uploads\/2016\/08\/LUCs-78-300x225.jpg 300w, https:\/\/conservation.ufpr.br\/wp-content\/uploads\/2016\/08\/LUCs-78-768x576.jpg 768w, https:\/\/conservation.ufpr.br\/wp-content\/uploads\/2016\/08\/LUCs-78-1024x768.jpg 1024w, https:\/\/conservation.ufpr.br\/wp-content\/uploads\/2016\/08\/LUCs-78-1200x900.jpg 1200w\" sizes=\"auto, (max-width: 300px) 100vw, 300px\" \/><\/a>\n\t\t\t<\/dt>\n\t\t\t\t<dd class='wp-caption-text gallery-caption' id='gallery-2-271'>\n\t\t\t\tTrilha &#8211; Mata do Uru\n\t\t\t\t<\/dd><\/dl><dl class='gallery-item'>\n\t\t\t<dt class='gallery-icon landscape'>\n\t\t\t\t<a href='https:\/\/conservation.ufpr.br\/index.php\/eventos\/lucs-77\/'><img loading=\"lazy\" decoding=\"async\" width=\"300\" height=\"225\" src=\"https:\/\/conservation.ufpr.br\/wp-content\/uploads\/2016\/08\/LUCs-77-300x225.jpg\" class=\"attachment-medium size-medium\" alt=\"\" aria-describedby=\"gallery-2-270\" srcset=\"https:\/\/conservation.ufpr.br\/wp-content\/uploads\/2016\/08\/LUCs-77-300x225.jpg 300w, https:\/\/conservation.ufpr.br\/wp-content\/uploads\/2016\/08\/LUCs-77-768x576.jpg 768w, https:\/\/conservation.ufpr.br\/wp-content\/uploads\/2016\/08\/LUCs-77-1024x768.jpg 1024w, https:\/\/conservation.ufpr.br\/wp-content\/uploads\/2016\/08\/LUCs-77-1200x900.jpg 1200w\" sizes=\"auto, (max-width: 300px) 100vw, 300px\" \/><\/a>\n\t\t\t<\/dt>\n\t\t\t\t<dd class='wp-caption-text gallery-caption' id='gallery-2-270'>\n\t\t\t\tEntrada &#8211; Mata do Uru\n\t\t\t\t<\/dd><\/dl>\n\t\t\t<br style='clear: both' \/>\n\t\t<\/div>\n\n","protected":false},"excerpt":{"rendered":"<p>CURSO DE EXTENS\u00c3O EM UNIDADES DE CONSERVA\u00c7\u00c3O &#8220;Panorama Geral das Unidades de Conserva\u00e7\u00e3o&#8221; Este curso tem como objetivo possibilitar aos alunos de gradua\u00e7\u00e3o a compreens\u00e3o [&hellip;]<\/p>\n","protected":false},"author":3,"featured_media":0,"parent":0,"menu_order":0,"comment_status":"closed","ping_status":"closed","template":"","meta":{"_acf_changed":false,"footnotes":""},"class_list":["post-44","page","type-page","status-publish","hentry"],"acf":[],"_links":{"self":[{"href":"https:\/\/conservation.ufpr.br\/index.php\/wp-json\/wp\/v2\/pages\/44","targetHints":{"allow":["GET"]}}],"collection":[{"href":"https:\/\/conservation.ufpr.br\/index.php\/wp-json\/wp\/v2\/pages"}],"about":[{"href":"https:\/\/conservation.ufpr.br\/index.php\/wp-json\/wp\/v2\/types\/page"}],"author":[{"embeddable":true,"href":"https:\/\/conservation.ufpr.br\/index.php\/wp-json\/wp\/v2\/users\/3"}],"replies":[{"embeddable":true,"href":"https:\/\/conservation.ufpr.br\/index.php\/wp-json\/wp\/v2\/comments?post=44"}],"version-history":[{"count":15,"href":"https:\/\/conservation.ufpr.br\/index.php\/wp-json\/wp\/v2\/pages\/44\/revisions"}],"predecessor-version":[{"id":365,"href":"https:\/\/conservation.ufpr.br\/index.php\/wp-json\/wp\/v2\/pages\/44\/revisions\/365"}],"wp:attachment":[{"href":"https:\/\/conservation.ufpr.br\/index.php\/wp-json\/wp\/v2\/media?parent=44"}],"curies":[{"name":"wp","href":"https:\/\/api.w.org\/{rel}","templated":true}]}}